{"id":220,"date":"2024-02-27T09:13:47","date_gmt":"2024-02-27T09:13:47","guid":{"rendered":"https:\/\/www.atleticaconcorezzo.it\/?page_id=220"},"modified":"2026-07-23T10:43:34","modified_gmt":"2026-07-23T09:43:34","slug":"corsi-e-iscrizioni","status":"publish","type":"page","link":"https:\/\/www.atleticaconcorezzo.it\/index.php\/corsi-e-iscrizioni\/","title":{"rendered":"Corsi &#038; Iscrizioni"},"content":{"rendered":"\n<div class=\"wp-block-group is-vertical is-content-justification-stretch is-nowrap is-layout-flex wp-container-core-group-is-layout-8bd2f9ff wp-block-group-is-layout-flex\" style=\"margin-top:0;margin-bottom:0;padding-top:0;padding-right:0;padding-bottom:0;padding-left:0\">\n<div class=\"wp-block-group is-layout-constrained wp-block-group-is-layout-constrained\">\n<h2 class=\"wp-block-heading has-text-align-center\" style=\"margin-bottom:2rem\"><strong>Informazioni Corsi &#8211; Stagione 2026\/2027<\/strong><\/h2>\n\n\n\n<p class=\"has-text-align-left wp-block-paragraph\" style=\"margin-top:0;margin-bottom:0;line-height:1.1\">Gli allenamenti si tengono dai primi di Settembre fino a fine Giugno.<br><br>Gli Atleti sono divisi in categorie in base al loro anno di nascita. Ogni categoria ha i propri allenatori e la propria organizzazione.<br><br>Gli allenamenti si dividono in periodo Estivo e periodo Invernale e sono cos\u00ec organizzati (la divisione in mesi \u00e8 indicativa e potrebbe cambiare):<\/p>\n<\/div>\n\n\n\n<div class=\"wp-block-group is-layout-constrained wp-container-core-group-is-layout-ba1191e6 wp-block-group-is-layout-constrained\" style=\"margin-top:0;margin-bottom:0;padding-top:0;padding-right:0;padding-bottom:0;padding-left:0\">\n<h3 class=\"wp-block-heading has-text-align-center\"><strong>Periodo ESTIVO<\/strong><span class=\"atl-responsive-break\"><\/span><strong>( Settembre &#8211; Ottobre \/ Marzo &#8211; Giugno )<\/strong><\/h3>\n\n\n\n<figure class=\"wp-block-table is-style-stripes\" style=\"margin-top:0;margin-bottom:0\"><table><thead><tr><th class=\"has-text-align-left\" data-align=\"left\">ANNO DI NASCITA<\/th><th class=\"has-text-align-left\" data-align=\"left\">CATEGORIA<\/th><th class=\"has-text-align-left\" data-align=\"left\">GIORNO<\/th><th class=\"has-text-align-left\" data-align=\"left\">ORA<\/th><th class=\"has-text-align-left\" data-align=\"left\">LUOGO<\/th><\/tr><\/thead><tbody><tr><td class=\"has-text-align-left\" data-align=\"left\">2022* &#8211; 2021 &#8211; 2020<\/td><td class=\"has-text-align-left\" data-align=\"left\">Eso 4\/6<\/td><td class=\"has-text-align-left\" data-align=\"left\">Marted\u00ec &#8211; Gioved\u00ec<\/td><td class=\"has-text-align-left\" data-align=\"left\">18:00 &#8211; 19:15<\/td><td class=\"has-text-align-left\" data-align=\"left\">Campo sportivo<\/td><\/tr><tr><td class=\"has-text-align-left\" data-align=\"left\">2019 &#8211; 2018<\/td><td class=\"has-text-align-left\" data-align=\"left\">Eso 8<\/td><td class=\"has-text-align-left\" data-align=\"left\">Marted\u00ec &#8211; Gioved\u00ec<\/td><td class=\"has-text-align-left\" data-align=\"left\">18:00 &#8211; 19:30<\/td><td class=\"has-text-align-left\" data-align=\"left\">Campo sportivo<\/td><\/tr><tr><td class=\"has-text-align-left\" data-align=\"left\">2017 &#8211; 2016<\/td><td class=\"has-text-align-left\" data-align=\"left\">Eso 10<\/td><td class=\"has-text-align-left\" data-align=\"left\">Marted\u00ec &#8211; Gioved\u00ec<\/td><td class=\"has-text-align-left\" data-align=\"left\">18:00 &#8211; 19:30<\/td><td class=\"has-text-align-left\" data-align=\"left\">Campo sportivo<\/td><\/tr><tr><td class=\"has-text-align-left\" data-align=\"left\">2015 &#8211; 2014<\/td><td class=\"has-text-align-left\" data-align=\"left\">Ragazzi\/e<\/td><td class=\"has-text-align-left\" data-align=\"left\">Marted\u00ec &#8211; Gioved\u00ec<\/td><td class=\"has-text-align-left\" data-align=\"left\">18:00 &#8211; 19:30<\/td><td class=\"has-text-align-left\" data-align=\"left\">Campo sportivo<\/td><\/tr><tr><td class=\"has-text-align-left\" data-align=\"left\">2013 &#8211; 2012<\/td><td class=\"has-text-align-left\" data-align=\"left\">Cadetti\/e<\/td><td class=\"has-text-align-left\" data-align=\"left\">Luned\u00ec &#8211; Mercoled\u00ec &#8211; Venerd\u00ec<\/td><td class=\"has-text-align-left\" data-align=\"left\">18:00 &#8211; 19:30<\/td><td class=\"has-text-align-left\" data-align=\"left\">Campo sportivo<\/td><\/tr><tr><td class=\"has-text-align-left\" data-align=\"left\">2011 e Precedenti<\/td><td class=\"has-text-align-left\" data-align=\"left\">Team A<\/td><td class=\"has-text-align-left\" data-align=\"left\">A seconda della specialit\u00e0<\/td><td class=\"has-text-align-left\" data-align=\"left\">A seconda della specialit\u00e0<\/td><td class=\"has-text-align-left\" data-align=\"left\">Campo sportivo<\/td><\/tr><\/tbody><\/table><\/figure>\n<\/div>\n\n\n\n<div class=\"wp-block-group is-layout-constrained wp-container-core-group-is-layout-ba1191e6 wp-block-group-is-layout-constrained\" style=\"margin-top:0;margin-bottom:0;padding-top:0;padding-right:0;padding-bottom:0;padding-left:0\">\n<h3 class=\"wp-block-heading has-text-align-center\"><strong>Periodo INVERNALE<\/strong><span class=\"atl-responsive-break\"><\/span><strong>( Novembre &#8211; Febbraio )<\/strong><\/h3>\n\n\n\n<figure class=\"wp-block-table is-style-stripes\" style=\"margin-top:0;margin-bottom:0\"><table><thead><tr><th class=\"has-text-align-left\" data-align=\"left\">ANNO DI NASCITA<\/th><th class=\"has-text-align-left\" data-align=\"left\">CATEGORIA<\/th><th class=\"has-text-align-left\" data-align=\"left\">GIORNO<\/th><th class=\"has-text-align-left\" data-align=\"left\">ORA<\/th><th class=\"has-text-align-left\" data-align=\"left\">LUOGO<\/th><\/tr><\/thead><tbody><tr><td class=\"has-text-align-left\" data-align=\"left\">2022* &#8211; 2021 &#8211; 2020<\/td><td class=\"has-text-align-left\" data-align=\"left\">Eso 4\/6<\/td><td class=\"has-text-align-left\" data-align=\"left\">Marted\u00ec &#8211; Gioved\u00ec<\/td><td class=\"has-text-align-left\" data-align=\"left\">18:00 &#8211; 19:15<\/td><td class=\"has-text-align-left\" data-align=\"left\"><strong><mark style=\"background-color:rgba(0, 0, 0, 0)\" class=\"has-inline-color has-ast-global-color-0-color\">Campo \/ Palestra<\/mark><\/strong><\/td><\/tr><tr><td class=\"has-text-align-left\" data-align=\"left\">2019 &#8211; 2018<\/td><td class=\"has-text-align-left\" data-align=\"left\">Eso 8<\/td><td class=\"has-text-align-left\" data-align=\"left\">Marted\u00ec &#8211; Gioved\u00ec<\/td><td class=\"has-text-align-left\" data-align=\"left\">18:00 &#8211; 19:30<\/td><td class=\"has-text-align-left\" data-align=\"left\"><strong><mark style=\"background-color:rgba(0, 0, 0, 0)\" class=\"has-inline-color has-ast-global-color-0-color\"><strong><mark style=\"background-color:rgba(0, 0, 0, 0)\" class=\"has-inline-color has-ast-global-color-0-color\">Campo \/ Palestra<\/mark><\/strong><\/mark><\/strong><\/td><\/tr><tr><td class=\"has-text-align-left\" data-align=\"left\">2017 &#8211; 2016<\/td><td class=\"has-text-align-left\" data-align=\"left\">Eso 10<\/td><td class=\"has-text-align-left\" data-align=\"left\">Marted\u00ec &#8211; Gioved\u00ec<\/td><td class=\"has-text-align-left\" data-align=\"left\">18:00 &#8211; 19:30<\/td><td class=\"has-text-align-left\" data-align=\"left\">Campo sportivo<\/td><\/tr><tr><td class=\"has-text-align-left\" data-align=\"left\">2015 &#8211; 2014<\/td><td class=\"has-text-align-left\" data-align=\"left\">Ragazzi\/e<\/td><td class=\"has-text-align-left\" data-align=\"left\">Marted\u00ec &#8211; Gioved\u00ec<\/td><td class=\"has-text-align-left\" data-align=\"left\">18:00 &#8211; 19:30<\/td><td class=\"has-text-align-left\" data-align=\"left\">Campo sportivo<\/td><\/tr><tr><td class=\"has-text-align-left\" data-align=\"left\">2013 &#8211; 2012<\/td><td class=\"has-text-align-left\" data-align=\"left\">Cadetti\/e<\/td><td class=\"has-text-align-left\" data-align=\"left\">Luned\u00ec &#8211; Mercoled\u00ec &#8211; Venerd\u00ec<\/td><td class=\"has-text-align-left\" data-align=\"left\">18:00 &#8211; 19:30<\/td><td class=\"has-text-align-left\" data-align=\"left\">Campo sportivo<\/td><\/tr><tr><td class=\"has-text-align-left\" data-align=\"left\">2011 e Precedenti<\/td><td class=\"has-text-align-left\" data-align=\"left\">Team A<\/td><td class=\"has-text-align-left\" data-align=\"left\">A seconda della specialit\u00e0<\/td><td class=\"has-text-align-left\" data-align=\"left\">A seconda della specialit\u00e0<\/td><td class=\"has-text-align-left\" data-align=\"left\">Campo sportivo<\/td><\/tr><\/tbody><\/table><\/figure>\n<\/div>\n\n\n\n<p class=\"has-text-align-left wp-block-paragraph\" style=\"margin-top:0;margin-bottom:0;line-height:1.1\">Eventuali cambiamenti relativi all&#8217;organizzazione verranno tempestivamente inviati sul gruppo Whatsapp della propria categoria.<br><br>Per qualsiasi dubbio vi preghiamo di contattare la segreteria all\u2019indirizzo email <strong><a href=\"mailto:info@atleticaconcorezzo.it\" target=\"_blank\" rel=\"noopener\" title=\"\">info@atleticaconcorezzo.it<\/a><\/strong><\/p>\n<\/div>\n\n\n\n<div class=\"wp-block-group alignfull is-layout-constrained wp-container-core-group-is-layout-1167e22d wp-block-group-is-layout-constrained\" style=\"margin-top:4rem;margin-bottom:4rem;padding-top:0;padding-right:2rem;padding-bottom:0;padding-left:2rem\">\n<hr class=\"wp-block-separator alignfull has-alpha-channel-opacity is-style-wide\" style=\"margin-top:0;margin-bottom:0\"\/>\n<\/div>\n\n\n\n<div class=\"wp-block-group is-vertical is-content-justification-stretch is-nowrap is-layout-flex wp-container-core-group-is-layout-06907bce wp-block-group-is-layout-flex\" style=\"margin-top:2rem;margin-bottom:2rem;padding-top:0;padding-right:0;padding-bottom:0;padding-left:0\">\n<h2 class=\"wp-block-heading has-text-align-center\"><strong>Iscrizioni Corsi &#8211; Stagione 2026\/2027<\/strong><\/h2>\n\n\n\n<div class=\"wp-block-group is-layout-constrained wp-block-group-is-layout-constrained\">\n<div class=\"wp-block-media-text is-stacked-on-mobile is-vertically-aligned-center is-image-fill-element atl-card has-background\" style=\"background-color:#e22118;grid-template-columns:60% auto\"><figure class=\"wp-block-media-text__media\"><img loading=\"lazy\" decoding=\"async\" width=\"835\" height=\"500\" src=\"https:\/\/www.atleticaconcorezzo.it\/wp-content\/uploads\/2025\/12\/welcome-835x500-1.jpg\" alt=\"\" class=\"wp-image-30804 size-full\" style=\"object-position:70% 50%\" srcset=\"https:\/\/www.atleticaconcorezzo.it\/wp-content\/uploads\/2025\/12\/welcome-835x500-1.jpg 835w, https:\/\/www.atleticaconcorezzo.it\/wp-content\/uploads\/2025\/12\/welcome-835x500-1-300x180.jpg 300w, https:\/\/www.atleticaconcorezzo.it\/wp-content\/uploads\/2025\/12\/welcome-835x500-1-768x460.jpg 768w\" sizes=\"auto, (max-width: 835px) 100vw, 835px\" \/><\/figure><div class=\"wp-block-media-text__content\">\n<h2 class=\"wp-block-heading has-white-color has-text-color\" style=\"margin-top:0;margin-right:0;margin-bottom:0;margin-left:0;font-size:2rem\"><strong>Nuovi iscritti<\/strong> <\/h2>\n\n\n\n<div class=\"wp-block-group is-layout-constrained wp-container-core-group-is-layout-643643c9 wp-block-group-is-layout-constrained\" style=\"min-height:200px;margin-top:2rem;margin-bottom:2rem;padding-top:0;padding-right:0;padding-bottom:0;padding-left:0\">\n<p class=\"has-ast-global-color-5-color has-text-color has-link-color wp-elements-1 wp-block-paragraph\" style=\"font-size:1rem;line-height:1.3\">Le pre-iscrizioni per i nuovi atleti nati dal 2012 al 2022* che non erano iscritti n\u00e9 ad Atletica Concorezzo n\u00e9 a Team A nella stagione 2025\/2026 sono aperte !<\/p>\n\n\n\n<p class=\"has-ast-global-color-5-color has-text-color has-link-color wp-elements-2 wp-block-paragraph\" style=\"font-size:1rem;line-height:1.3\">I posti sono limitati, vi chiediamo di <br>pre-iscrivervi il prima possibile.<\/p>\n\n\n\n<p class=\"has-ast-global-color-5-color has-text-color has-link-color wp-elements-3 wp-block-paragraph\" style=\"font-size:1rem;line-height:1.3\">Nella seguente pagina trovate tutte le informazioni per perfezionare la vostra <br>pre-iscrizione.<\/p>\n<\/div>\n\n\n\n<div class=\"wp-block-buttons is-content-justification-space-between is-layout-flex wp-container-core-buttons-is-layout-0b5a8419 wp-block-buttons-is-layout-flex\">\n<div class=\"wp-block-button has-custom-width wp-block-button__width-100 is-style-fill\"><a class=\"wp-block-button__link has-text-align-center wp-element-button\" href=\"https:\/\/www.atleticaconcorezzo.it\/index.php\/corsi-e-iscrizioni\/nuovi\/\" style=\"text-transform:uppercase\">Scopri ORA !<\/a><\/div>\n<\/div>\n<\/div><\/div>\n<\/div>\n\n\n\n<div class=\"wp-block-group is-layout-constrained wp-block-group-is-layout-constrained\">\n<div class=\"wp-block-media-text has-media-on-the-right is-stacked-on-mobile is-vertically-aligned-center is-image-fill-element atl-card has-background\" style=\"background-color:#e22118;grid-template-columns:auto 60%\"><div class=\"wp-block-media-text__content\">\n<h2 class=\"wp-block-heading has-white-color has-text-color\" style=\"margin-top:0;margin-right:0;margin-bottom:0;margin-left:0;font-size:2rem\"><strong>Rinnovi<\/strong><\/h2>\n\n\n\n<div class=\"wp-block-group is-layout-constrained wp-container-core-group-is-layout-643643c9 wp-block-group-is-layout-constrained\" style=\"min-height:200px;margin-top:2rem;margin-bottom:2rem;padding-top:0;padding-right:0;padding-bottom:0;padding-left:0\">\n<p class=\"has-ast-global-color-5-color has-text-color has-link-color wp-elements-4 wp-block-paragraph\" style=\"font-size:1rem;line-height:1.3\">Le iscrizioni per gli atleti gi\u00e0 iscritti ad Atletica Concorezzo nella stagione 2026\/2027 sono aperte ORA !!!<\/p>\n\n\n\n<p class=\"has-ast-global-color-5-color has-text-color has-link-color wp-elements-5 wp-block-paragraph\" style=\"font-size:1rem;line-height:1.3\">Il posto \u00e8 riservato fino al 10 luglio.<\/p>\n\n\n\n<p class=\"has-ast-global-color-5-color has-text-color has-link-color wp-elements-6 wp-block-paragraph\" style=\"font-size:1rem;line-height:1.3\">I Cadetti nati nel 2011 dovranno iscriversi come &#8220;Team A&#8221; seguendo le indicazioni sempre a partire dal 1 luglio<\/p>\n\n\n\n<p class=\"has-ast-global-color-5-color has-text-color has-link-color wp-elements-7 wp-block-paragraph\" style=\"font-size:1rem;line-height:1.3\">Nella seguente pagina trovate tutte le informazioni per iscriversi.<\/p>\n<\/div>\n\n\n\n<div class=\"wp-block-buttons is-content-justification-space-between is-layout-flex wp-container-core-buttons-is-layout-0b5a8419 wp-block-buttons-is-layout-flex\">\n<div class=\"wp-block-button has-custom-width wp-block-button__width-100 is-style-fill\"><a class=\"wp-block-button__link has-text-align-center wp-element-button\" href=\"https:\/\/www.atleticaconcorezzo.it\/index.php\/corsi-e-iscrizioni\/rinnovi\/\" style=\"text-transform:uppercase\">Scopri ORA !<\/a><\/div>\n<\/div>\n<\/div><figure class=\"wp-block-media-text__media\"><img loading=\"lazy\" decoding=\"async\" width=\"958\" height=\"360\" src=\"https:\/\/www.atleticaconcorezzo.it\/wp-content\/uploads\/2024\/02\/360_F_218353029_oNraDmAcMxEJj3puayKVjezZu8oHJW6x.jpg\" alt=\"\" class=\"wp-image-228 size-full\" style=\"object-position:50% 50%\" srcset=\"https:\/\/www.atleticaconcorezzo.it\/wp-content\/uploads\/2024\/02\/360_F_218353029_oNraDmAcMxEJj3puayKVjezZu8oHJW6x.jpg 958w, https:\/\/www.atleticaconcorezzo.it\/wp-content\/uploads\/2024\/02\/360_F_218353029_oNraDmAcMxEJj3puayKVjezZu8oHJW6x-300x113.jpg 300w, https:\/\/www.atleticaconcorezzo.it\/wp-content\/uploads\/2024\/02\/360_F_218353029_oNraDmAcMxEJj3puayKVjezZu8oHJW6x-768x289.jpg 768w\" sizes=\"auto, (max-width: 958px) 100vw, 958px\" \/><\/figure><\/div>\n<\/div>\n\n\n\n<div class=\"wp-block-group is-layout-constrained wp-block-group-is-layout-constrained\">\n<div class=\"wp-block-media-text is-stacked-on-mobile is-vertically-aligned-center is-image-fill-element atl-card has-background\" style=\"background-color:#e22118;grid-template-columns:60% auto\"><figure class=\"wp-block-media-text__media\"><img loading=\"lazy\" decoding=\"async\" width=\"550\" height=\"350\" src=\"https:\/\/www.atleticaconcorezzo.it\/wp-content\/uploads\/2025\/12\/TEAMA-logo-2-550x350-1.jpg\" alt=\"\" class=\"wp-image-30812 size-full\" style=\"object-position:50% 50%\" srcset=\"https:\/\/www.atleticaconcorezzo.it\/wp-content\/uploads\/2025\/12\/TEAMA-logo-2-550x350-1.jpg 550w, https:\/\/www.atleticaconcorezzo.it\/wp-content\/uploads\/2025\/12\/TEAMA-logo-2-550x350-1-300x191.jpg 300w\" sizes=\"auto, (max-width: 550px) 100vw, 550px\" \/><\/figure><div class=\"wp-block-media-text__content\">\n<h2 class=\"wp-block-heading has-white-color has-text-color\" style=\"margin-top:0;margin-right:0;margin-bottom:0;margin-left:0;font-size:2rem\"><strong>Team A (nuovi e rinnovi)<\/strong><\/h2>\n\n\n\n<div class=\"wp-block-group is-layout-constrained wp-container-core-group-is-layout-643643c9 wp-block-group-is-layout-constrained\" style=\"min-height:200px;margin-top:2rem;margin-bottom:2rem;padding-top:0;padding-right:0;padding-bottom:0;padding-left:0\">\n<p class=\"has-ast-global-color-5-color has-text-color has-link-color wp-elements-8 wp-block-paragraph\" style=\"font-size:1rem;line-height:1.3\">Le iscrizioni per gli anni 2011 e precedenti (sia nuovi che rinnovi) sono aperte ORA !!!<\/p>\n\n\n\n<p class=\"has-ast-global-color-5-color has-text-color has-link-color wp-elements-9 wp-block-paragraph\" style=\"font-size:1rem;line-height:1.3\">Gli atleti gi\u00e0 iscritti a Team A o ad Atletica Concorezzo (anno 2011) nella stagione 2025\/2026 hanno i posti riservati <strong>MA DEVONO<\/strong> <strong>comunque iscriversi per poter accedere alla pista dal 1 settembre<\/strong><\/p>\n\n\n\n<p class=\"has-ast-global-color-5-color has-text-color has-link-color wp-elements-10 wp-block-paragraph\" style=\"font-size:1rem;line-height:1.3\">Nella seguente pagina trovate tutte le informazioni per iscriversi.<\/p>\n<\/div>\n\n\n\n<div class=\"wp-block-buttons is-content-justification-space-between is-layout-flex wp-container-core-buttons-is-layout-0b5a8419 wp-block-buttons-is-layout-flex\">\n<div class=\"wp-block-button has-custom-width wp-block-button__width-100 is-style-fill\"><a class=\"wp-block-button__link has-text-align-center wp-element-button\" href=\"https:\/\/www.atleticaconcorezzo.it\/index.php\/corsi-e-iscrizioni\/team-a\/\" style=\"text-transform:uppercase\">Scopri ORA !<\/a><\/div>\n<\/div>\n<\/div><\/div>\n<\/div>\n\n\n\n<div class=\"wp-block-group is-layout-constrained wp-block-group-is-layout-constrained\">\n<div class=\"wp-block-media-text has-media-on-the-right is-stacked-on-mobile is-vertically-aligned-center is-image-fill-element atl-card has-background\" style=\"background-color:#e22118;grid-template-columns:auto 60%\"><div class=\"wp-block-media-text__content\">\n<h2 class=\"wp-block-heading has-white-color has-text-color\" style=\"margin-top:0;margin-right:0;margin-bottom:0;margin-left:0;font-size:2rem\"><strong>Ingresso libero per Senior<\/strong><\/h2>\n\n\n\n<div class=\"wp-block-group is-layout-constrained wp-container-core-group-is-layout-643643c9 wp-block-group-is-layout-constrained\" style=\"min-height:200px;margin-top:2rem;margin-bottom:2rem;padding-top:0;padding-right:0;padding-bottom:0;padding-left:0\">\n<p class=\"has-ast-global-color-5-color has-text-color has-link-color wp-elements-11 wp-block-paragraph\" style=\"font-size:1rem;line-height:1.3\">Qui puoi trovare il link per accedere alla pista ed allenarti in autonomia.<\/p>\n\n\n\n<p class=\"has-ast-global-color-5-color has-text-color has-link-color wp-elements-12 wp-block-paragraph\" style=\"font-size:1rem;line-height:1.3\">La nostra Associazione da priorit\u00e0 a bimbi e ragazze\/i quindi abbiamo forti limitazioni orarie.<br><br>Prima di compilare il modulo al link qui sotto ti consigliamo di chiamarci in modo da poter soddisfare tutte le tue domande<\/p>\n<\/div>\n\n\n\n<div class=\"wp-block-buttons is-content-justification-space-between is-layout-flex wp-container-core-buttons-is-layout-0b5a8419 wp-block-buttons-is-layout-flex\">\n<div class=\"wp-block-button has-custom-width wp-block-button__width-100 is-style-fill\"><a class=\"wp-block-button__link has-text-align-center wp-element-button\" href=\"https:\/\/www.cloud32.it\/GES\/pub\/iscrizioni\/v2\/corsieventi\/personafisica\/220094\/67\/On2ZvPyRVbPaccwjvUF7\" style=\"text-transform:uppercase\">Scopri ORA !<\/a><\/div>\n<\/div>\n<\/div><figure class=\"wp-block-media-text__media\"><img loading=\"lazy\" decoding=\"async\" width=\"612\" height=\"367\" src=\"https:\/\/www.atleticaconcorezzo.it\/wp-content\/uploads\/2026\/05\/istockphoto-585483306-612x612-1.jpg\" alt=\"\" class=\"wp-image-31555 size-full\" style=\"object-position:50% 50%\" srcset=\"https:\/\/www.atleticaconcorezzo.it\/wp-content\/uploads\/2026\/05\/istockphoto-585483306-612x612-1.jpg 612w, https:\/\/www.atleticaconcorezzo.it\/wp-content\/uploads\/2026\/05\/istockphoto-585483306-612x612-1-300x180.jpg 300w\" sizes=\"auto, (max-width: 612px) 100vw, 612px\" \/><\/figure><\/div>\n<\/div>\n\n\n\n<div class=\"wp-block-group is-layout-constrained wp-block-group-is-layout-constrained\">\n<div class=\"wp-block-media-text is-stacked-on-mobile is-vertically-aligned-center is-image-fill-element atl-card has-background\" style=\"background-color:#e22118;grid-template-columns:60% auto\"><figure class=\"wp-block-media-text__media\"><img loading=\"lazy\" decoding=\"async\" width=\"612\" height=\"408\" src=\"https:\/\/www.atleticaconcorezzo.it\/wp-content\/uploads\/2026\/06\/istockphoto-2129024596-612x612-1.jpg\" alt=\"\" class=\"wp-image-31629 size-full\" style=\"object-position:50% 50%\" srcset=\"https:\/\/www.atleticaconcorezzo.it\/wp-content\/uploads\/2026\/06\/istockphoto-2129024596-612x612-1.jpg 612w, https:\/\/www.atleticaconcorezzo.it\/wp-content\/uploads\/2026\/06\/istockphoto-2129024596-612x612-1-300x200.jpg 300w\" sizes=\"auto, (max-width: 612px) 100vw, 612px\" \/><\/figure><div class=\"wp-block-media-text__content\">\n<h2 class=\"wp-block-heading has-white-color has-text-color\" style=\"margin-top:0;margin-right:0;margin-bottom:0;margin-left:0;font-size:2rem\">Rinnovo Soci<\/h2>\n\n\n\n<div class=\"wp-block-group is-layout-constrained wp-container-core-group-is-layout-643643c9 wp-block-group-is-layout-constrained\" style=\"min-height:200px;margin-top:2rem;margin-bottom:2rem;padding-top:0;padding-right:0;padding-bottom:0;padding-left:0\">\n<p class=\"has-ast-global-color-5-color has-text-color has-link-color wp-elements-13 wp-block-paragraph\" style=\"font-size:1rem;line-height:1.3\">Qui puoi trovare il link per rinnovare la tua iscrizione a Socio di Atletica Concorezzo. Nel caso di Dirigenti ed Allenatori il rinnovo \u00e8 obbligatorio<\/p>\n\n\n\n<p class=\"has-ast-global-color-5-color has-text-color has-link-color wp-elements-14 wp-block-paragraph\" style=\"font-size:1rem;line-height:1.3\">Se vuoi unirti a noi per aiutarci e diventare cos\u00ec Socio di Atletica Concorezzo per la prima volta ti preghiamo di contattarci direttamente PRIMA di compilare il form; sei sicuramente benvenuto\/a<\/p>\n<\/div>\n\n\n\n<div class=\"wp-block-buttons is-content-justification-space-between is-layout-flex wp-container-core-buttons-is-layout-0b5a8419 wp-block-buttons-is-layout-flex\">\n<div class=\"wp-block-button has-custom-width wp-block-button__width-100 is-style-fill\"><a class=\"wp-block-button__link has-text-align-center wp-element-button\" href=\"https:\/\/www.cloud32.it\/GES\/pub\/iscrisocio\/220094\/002\" style=\"text-transform:uppercase\">Scopri ORA<\/a><\/div>\n<\/div>\n<\/div><\/div>\n<\/div>\n<\/div>\n","protected":false},"excerpt":{"rendered":"<p>Informazioni Corsi &#8211; Stagione 2026\/2027 Gli allenamenti si tengono dai primi di Settembre fino a fine Giugno. Gli Atleti sono [&hellip;]<\/p>\n","protected":false},"author":1,"featured_media":0,"parent":0,"menu_order":3,"comment_status":"closed","ping_status":"closed","template":"","meta":{"om_disable_all_campaigns":false,"_monsterinsights_skip_tracking":false,"site-sidebar-layout":"default","site-content-layout":"","ast-site-content-layout":"","site-content-style":"default","site-sidebar-style":"default","ast-global-header-display":"","ast-banner-title-visibility":"","ast-main-header-display":"","ast-hfb-above-header-display":"","ast-hfb-below-header-display":"","ast-hfb-mobile-header-display":"","site-post-title":"","ast-breadcrumbs-content":"","ast-featured-img":"","footer-sml-layout":"","theme-transparent-header-meta":"","adv-header-id-meta":"","stick-header-meta":"","header-above-stick-meta":"","header-main-stick-meta":"","header-below-stick-meta":"","astra-migrate-meta-layouts":"default","ast-page-background-enabled":"default","ast-page-background-meta":{"desktop":{"background-color":"var(--ast-global-color-4)","background-image":"","background-repeat":"repeat","background-position":"center center","background-size":"auto","background-attachment":"scroll","background-type":"","background-media":"","overlay-type":"","overlay-color":"","overlay-opacity":"","overlay-gradient":""},"tablet":{"background-color":"","background-image":"","background-repeat":"repeat","background-position":"center center","background-size":"auto","background-attachment":"scroll","background-type":"","background-media":"","overlay-type":"","overlay-color":"","overlay-opacity":"","overlay-gradient":""},"mobile":{"background-color":"","background-image":"","background-repeat":"repeat","background-position":"center center","background-size":"auto","background-attachment":"scroll","background-type":"","background-media":"","overlay-type":"","overlay-color":"","overlay-opacity":"","overlay-gradient":""}},"ast-content-background-meta":{"desktop":{"background-color":"var(--ast-global-color-5)","background-image":"","background-repeat":"repeat","background-position":"center center","background-size":"auto","background-attachment":"scroll","background-type":"","background-media":"","overlay-type":"","overlay-color":"","overlay-opacity":"","overlay-gradient":""},"tablet":{"background-color":"var(--ast-global-color-5)","background-image":"","background-repeat":"repeat","background-position":"center center","background-size":"auto","background-attachment":"scroll","background-type":"","background-media":"","overlay-type":"","overlay-color":"","overlay-opacity":"","overlay-gradient":""},"mobile":{"background-color":"var(--ast-global-color-5)","background-image":"","background-repeat":"repeat","background-position":"center center","background-size":"auto","background-attachment":"scroll","background-type":"","background-media":"","overlay-type":"","overlay-color":"","overlay-opacity":"","overlay-gradient":""}},"ngg_post_thumbnail":0,"footnotes":""},"class_list":["post-220","page","type-page","status-publish","hentry"],"aioseo_notices":[],"jetpack_sharing_enabled":true,"_links":{"self":[{"href":"https:\/\/www.atleticaconcorezzo.it\/index.php\/wp-json\/wp\/v2\/pages\/220","targetHints":{"allow":["GET"]}}],"collection":[{"href":"https:\/\/www.atleticaconcorezzo.it\/index.php\/wp-json\/wp\/v2\/pages"}],"about":[{"href":"https:\/\/www.atleticaconcorezzo.it\/index.php\/wp-json\/wp\/v2\/types\/page"}],"author":[{"embeddable":true,"href":"https:\/\/www.atleticaconcorezzo.it\/index.php\/wp-json\/wp\/v2\/users\/1"}],"replies":[{"embeddable":true,"href":"https:\/\/www.atleticaconcorezzo.it\/index.php\/wp-json\/wp\/v2\/comments?post=220"}],"version-history":[{"count":101,"href":"https:\/\/www.atleticaconcorezzo.it\/index.php\/wp-json\/wp\/v2\/pages\/220\/revisions"}],"predecessor-version":[{"id":31748,"href":"https:\/\/www.atleticaconcorezzo.it\/index.php\/wp-json\/wp\/v2\/pages\/220\/revisions\/31748"}],"wp:attachment":[{"href":"https:\/\/www.atleticaconcorezzo.it\/index.php\/wp-json\/wp\/v2\/media?parent=220"}],"curies":[{"name":"wp","href":"https:\/\/api.w.org\/{rel}","templated":true}]}}